{"id":945,"date":"2017-10-17T01:43:13","date_gmt":"2017-10-17T01:43:13","guid":{"rendered":"http:\/\/demo.ovathemes.com\/adventpro\/?page_id=945"},"modified":"2021-02-01T09:10:27","modified_gmt":"2021-02-01T08:10:27","slug":"landing-page-1","status":"publish","type":"page","link":"https:\/\/www.centroulcerascronicas.com\/eventos\/","title":{"rendered":"Landing Page 1"},"content":{"rendered":"<p>[vc_row full_height=\u00bbyes\u00bb video_bg=\u00bbyes\u00bb video_bg_url=\u00bbhttps:\/\/www.youtube.com\/watch?v=1UJAwE_I0lw\u00bb display_container=\u00bbtrue\u00bb ova_bg_pattern=\u00bbrgba(0,0,0,0.7)\u00bb el_id=\u00bbhome\u00bb css=\u00bb.vc_custom_1612167023821{padding-top: 60px !important;padding-bottom: 60px !important;background-image: url(https:\/\/www.centroulcerascronicas.com\/eventos\/wp-content\/uploads\/2020\/10\/piel-scaled.jpg?id=5475) !important;}\u00bb][vc_column offset=\u00bbvc_col-lg-offset-1 vc_col-lg-10 vc_col-md-offset-1 vc_col-md-10&#8243; el_class=\u00bbpadding_col_mobile\u00bb]<div class=\"banner_one \"><div class=\"event_icon\"><i class=\"icon_mic_alt\"><\/i><\/div><div class=\"date\"><span>18, feb 2021 - Webinar<\/span><\/div><h1 class=\"title\">OHB - Oxigenaci\u00f3n Hiperb\u00e1rica<\/h1><\/div>[\/vc_column][\/vc_row][vc_row display_container=\u00bbtrue\u00bb css=\u00bb.vc_custom_1554361286672{margin-top: -60px !important;margin-right: 0px !important;margin-left: 0px !important;padding-right: 0px !important;padding-left: 0px !important;}\u00bb el_class=\u00bbova_zindex\u00bb][vc_column width=\u00bb1\/2&#8243; css=\u00bb.vc_custom_1554360541286{padding-top: 0px !important;background-color: #f2f2f2 !important;}\u00bb offset=\u00bbvc_col-lg-3 vc_col-md-3&#8243;]<div class=\"event_info \"><div class=\"icon\"><i class=\"icon_pin_alt\"><\/i><\/div><div class=\"info\"><div class=\"title\">Localizaci\u00f3n<\/div><div class=\"desc\">Webinar<\/div><\/div><\/div>[\/vc_column][vc_column width=\u00bb1\/2&#8243; css=\u00bb.vc_custom_1554360546315{padding-top: 0px !important;background-color: #f2f2f2 !important;}\u00bb offset=\u00bbvc_col-lg-3 vc_col-md-3&#8243;]<div class=\"event_info \"><div class=\"icon\"><i class=\"icon_calendar\"><\/i><\/div><div class=\"info\"><div class=\"title\">Fecha y Hora<\/div><div class=\"desc\">17:00 \u2013 18:00, 17 Feb<\/div><\/div><\/div>[\/vc_column][vc_column width=\u00bb1\/2&#8243; css=\u00bb.vc_custom_1554360550772{padding-top: 0px !important;background-color: #f2f2f2 !important;}\u00bb offset=\u00bbvc_col-lg-3 vc_col-md-3&#8243;]<div class=\"event_info \"><div class=\"icon\"><i class=\"icon_mic\"><\/i><\/div><div class=\"info\"><div class=\"title\">Speaker<\/div><div class=\"desc\">4 Profesionales<\/div><\/div><\/div>[\/vc_column][vc_column width=\u00bb1\/2&#8243; css=\u00bb.vc_custom_1554360555150{padding-top: 0px !important;background-color: #f2f2f2 !important;}\u00bb offset=\u00bbvc_col-lg-3 vc_col-md-3&#8243;]<div class=\"event_info \"><div class=\"icon\"><i class=\"icon_group\"><\/i><\/div><div class=\"info\"><div class=\"title\">Aforo<\/div><div class=\"desc\">100 personas<\/div><\/div><\/div>[\/vc_column][\/vc_row][vc_row display_container=\u00bbtrue\u00bb el_class=\u00bbova_padding_section\u00bb el_id=\u00bbabout\u00bb css=\u00bb.vc_custom_1554360401223{padding-top: 100px !important;}\u00bb][vc_column width=\u00bb1\/3&#8243; css=\u00bb.vc_custom_1554367042397{padding-top: 0px !important;padding-bottom: 60px !important;}\u00bb el_class=\u00bbpadding_col_mobile\u00bb][\/vc_column][vc_column css_animation=\u00bbnone\u00bb width=\u00bb1\/3&#8243; el_class=\u00bbpadding_col_mobile\u00bb]<div class=\"\"><a href=\"https:\/\/zoom.us\/webinar\/register\/4116121586617\/WN_lHbnIHdfS5uyDkvfOfTIug\" target=\"_self\" class=\"ova-btn ova-btn-large ova-btn-rad-4 ova-btn-main-color \">Registrarme en el evento<\/a><\/div>[\/vc_column][vc_column width=\u00bb1\/3&#8243;][\/vc_column][\/vc_row][vc_row display_container=\u00bbtrue\u00bb el_class=\u00bbova_padding_section\u00bb css=\u00bb.vc_custom_1554360401223{padding-top: 100px !important;}\u00bb][vc_column width=\u00bb1\/2&#8243; css=\u00bb.vc_custom_1554367042397{padding-top: 0px !important;padding-bottom: 60px !important;}\u00bb el_class=\u00bbpadding_col_mobile\u00bb]<div class=\"ova_heading text-center\"><h3 class=\"title\">Sobre este Evento<\/h3><div class=\"sub_title\">Webinar orientado a profesionales del sector y afines<\/div><\/div><div class=\"about_info padding-top\"><div class=\"title\"><img src=\"https:\/\/www.centroulcerascronicas.com\/eventos\/wp-content\/uploads\/2017\/10\/icon_title.png\" alt=\"\u00bfConoces las Cl\u00ednicas CMUC?\" \/><h3>\u00bfConoces las Cl\u00ednicas CMUC?<\/h3><\/div><div class=\"desc\">Los Centros Multidisciplinares de \u00dalceras Cr\u00f3nicas (CMUC) se fundaron en el 2001 para llevar a cabo una atenci\u00f3n integral a los pacientes con deteriorio de la integridad cutanea, \u00falceras, heridas y PIE Diab\u00e9tico.<\/p>\n<p>Compuesto por un equipo multidisciplinar de titulados sanitarios de diferentes especialidades, encaminados a un tratamiento global del paciente.<\/p>\n<p>En CMUC hemos incorporado el servicio de oxigenoterapia hiperb\u00e1rica para el tratamiento no s\u00f3lo de \u00falceras cr\u00f3nicas, sino tambi\u00e9n de quemaduras, radionecrosis, osteoradionecrosis, etc.<\/div><div class=\"btn_video  \"><a class=\"scroll ova-btn ova-btn-large ova-btn-main-color\" href=\"https:\/\/www.youtube.com\/watch?v=LvliYawu4WI\">Ver v\u00eddeo<\/a><\/div><\/div>[\/vc_column][vc_column css_animation=\u00bbnone\u00bb width=\u00bb1\/2&#8243; el_class=\u00bbpadding_col_mobile\u00bb][vc_single_image image=\u00bb5530&#8243; img_size=\u00bbfull\u00bb][\/vc_column][\/vc_row][vc_row display_container=\u00bbtrue\u00bb css=\u00bb.vc_custom_1554362021446{padding-top: 100px !important;padding-bottom: 120px !important;background-color: #4862c4 !important;}\u00bb el_id=\u00bbschedule\u00bb][vc_column css=\u00bb.vc_custom_1554361981542{padding-top: 0px !important;padding-bottom: 0px !important;}\u00bb]<div class=\"ova_heading white_text\"><h3 class=\"title\">Agenda del Evento<\/h3><div class=\"sub_title\">Detalle de las ponencias<\/div><\/div>[\/vc_column][\/vc_row][vc_row full_width=\u00bbstretch_row\u00bb display_container=\u00bbtrue\u00bb css=\u00bb.vc_custom_1603317779669{margin-top: -50px !important;padding-top: 0px !important;}\u00bb][vc_column css=\u00bb.vc_custom_1508223360575{padding-top: 0px !important;}\u00bb]\n\t\t\t<div class=\"ovaem_schedule_single_event \">\n\n\t\t\t\t<div class=\"ovaem_schedule\"><ul class=\"nav\"><li class=\"active\"><a data-toggle=\"tab\" href=\"#tab_0_event\">OHB<br\/> <span class=\"date\">Jue, 18 Feb 21<\/span><\/a><\/li><\/ul><div class=\"tab-content\"><div id=\"tab_0_event\" class=\"tab-pane fade in active\"><div class=\"wrap_content \"><div class=\"speaker_side\"><ul><li><a href=\"https:\/\/www.centroulcerascronicas.com\/eventos\/?post_type=speaker&p=5457\"><img src=\"https:\/\/www.centroulcerascronicas.com\/eventos\/wp-content\/uploads\/2020\/10\/silvia-cerame-color.jpg\" alt=\"Silvia Cerame\" width=\"50\"\/><\/a><\/li><\/ul><\/div><div class=\"content_side\"><div class=\"title\" >Introducci\u00f3n<\/div><div class=\"time\">17:00 - 17:05<\/div><p class=\"desc\">Bienvenida y presentaci\u00f3n del webinar<\/p><div class=\"speaker_info\"><div class=\"speaker_title\"><a href=\"https:\/\/www.centroulcerascronicas.com\/eventos\/?post_type=speaker&p=5457\">Silvia Cerame<\/a><\/div><div class=\"speaker_job\">Dir. Cl\u00ednicas CMUC<\/div><\/div><\/div><\/div><div class=\"wrap_content \"><div class=\"speaker_side\"><ul><li><a href=\"https:\/\/www.centroulcerascronicas.com\/eventos\/?post_type=speaker&p=5576\"><img src=\"https:\/\/www.centroulcerascronicas.com\/eventos\/wp-content\/uploads\/2021\/02\/enrique-callejon-pelaez.jpg\" alt=\"Dr. Enrique Callej\u00f3n Pel\u00e1ez\" width=\"50\"\/><\/a><\/li><\/ul><\/div><div class=\"content_side\"><div class=\"title\" >OHB y la cicatrizaci\u00f3n<\/div><div class=\"time\">17:05 - 17:40<\/div><div class=\"speaker_info\"><div class=\"speaker_title\"><a href=\"https:\/\/www.centroulcerascronicas.com\/eventos\/?post_type=speaker&p=5576\">Dr. Enrique Callej\u00f3n Pel\u00e1ez<\/a><\/div><div class=\"speaker_job\"><\/div><\/div><\/div><\/div><div class=\"wrap_content \"><div class=\"speaker_side\"><ul><li><a href=\"https:\/\/www.centroulcerascronicas.com\/eventos\/?post_type=speaker&p=5459\"><img src=\"https:\/\/www.centroulcerascronicas.com\/eventos\/wp-content\/uploads\/2020\/10\/erika-fondo.jpg\" alt=\"\u00c9rika Fondo\" width=\"50\"\/><\/a><\/li><li><a href=\"https:\/\/www.centroulcerascronicas.com\/eventos\/?post_type=speaker&p=5461\"><img src=\"https:\/\/www.centroulcerascronicas.com\/eventos\/wp-content\/uploads\/2020\/10\/rosa-jurado.jpg\" alt=\"Rosa G\u00f3mez\" width=\"50\"\/><\/a><\/li><\/ul><\/div><div class=\"content_side\"><div class=\"title\" >Casos cl\u00ednicos<\/div><div class=\"time\">17:40 - 17:55<\/div><div class=\"speaker_info\"><div class=\"speaker_title\"><a href=\"https:\/\/www.centroulcerascronicas.com\/eventos\/?post_type=speaker&p=5459\">\u00c9rika Fondo<\/a><\/div><div class=\"speaker_job\">Dir. Enfermer\u00eda Cl\u00ednicas CMUC<\/div><\/div><div class=\"speaker_info\"><div class=\"speaker_title\"><a href=\"https:\/\/www.centroulcerascronicas.com\/eventos\/?post_type=speaker&p=5461\">Rosa G\u00f3mez<\/a><\/div><div class=\"speaker_job\">Dir. Enfermer\u00eda Cl\u00ednicas CMUC<\/div><\/div><\/div><\/div><div class=\"wrap_content last\"><div class=\"speaker_side\"><ul><li><a href=\"https:\/\/www.centroulcerascronicas.com\/eventos\/?post_type=speaker&p=5459\"><img src=\"https:\/\/www.centroulcerascronicas.com\/eventos\/wp-content\/uploads\/2020\/10\/erika-fondo.jpg\" alt=\"\u00c9rika Fondo\" width=\"50\"\/><\/a><\/li><li><a href=\"https:\/\/www.centroulcerascronicas.com\/eventos\/?post_type=speaker&p=5461\"><img src=\"https:\/\/www.centroulcerascronicas.com\/eventos\/wp-content\/uploads\/2020\/10\/rosa-jurado.jpg\" alt=\"Rosa G\u00f3mez\" width=\"50\"\/><\/a><\/li><li><a href=\"https:\/\/www.centroulcerascronicas.com\/eventos\/?post_type=speaker&p=5457\"><img src=\"https:\/\/www.centroulcerascronicas.com\/eventos\/wp-content\/uploads\/2020\/10\/silvia-cerame-color.jpg\" alt=\"Silvia Cerame\" width=\"50\"\/><\/a><\/li><\/ul><\/div><div class=\"content_side\"><div class=\"title\" >Preguntas y cierre<\/div><div class=\"speaker_info\"><div class=\"speaker_title\"><a href=\"https:\/\/www.centroulcerascronicas.com\/eventos\/?post_type=speaker&p=5459\">\u00c9rika Fondo<\/a><\/div><div class=\"speaker_job\">Dir. Enfermer\u00eda Cl\u00ednicas CMUC<\/div><\/div><div class=\"speaker_info\"><div class=\"speaker_title\"><a href=\"https:\/\/www.centroulcerascronicas.com\/eventos\/?post_type=speaker&p=5461\">Rosa G\u00f3mez<\/a><\/div><div class=\"speaker_job\">Dir. Enfermer\u00eda Cl\u00ednicas CMUC<\/div><\/div><div class=\"speaker_info\"><div class=\"speaker_title\"><a href=\"https:\/\/www.centroulcerascronicas.com\/eventos\/?post_type=speaker&p=5457\">Silvia Cerame<\/a><\/div><div class=\"speaker_job\">Dir. Cl\u00ednicas CMUC<\/div><\/div><\/div><\/div><\/div><\/div><\/div>\n\n\t\t\t<\/div>\n\n\t\t\t[\/vc_column][\/vc_row][vc_row display_container=\u00bbtrue\u00bb el_class=\u00bbova_padding_section\u00bb css=\u00bb.vc_custom_1603443759679{padding-top: 100px !important;}\u00bb el_id=\u00bbticket\u00bb][vc_column width=\u00bb1\/2&#8243; css=\u00bb.vc_custom_1554367042397{padding-top: 0px !important;padding-bottom: 60px !important;}\u00bb el_class=\u00bbpadding_col_mobile\u00bb]<div class=\"ova_heading \"><h3 class=\"title\">Registro<\/h3><div class=\"sub_title\">Datos para el evento<\/div><\/div>[\/vc_column][vc_column css_animation=\u00bbnone\u00bb width=\u00bb1\/2&#8243; el_class=\u00bbpadding_col_mobile\u00bb]<div class=\"\"><a href=\"https:\/\/zoom.us\/webinar\/register\/4116121586617\/WN_lHbnIHdfS5uyDkvfOfTIug\" target=\"_self\" class=\"ova-btn ova-btn-large ova-btn-rad-4 ova-btn-main-color \">Registrarme en el evento<\/a><\/div>[\/vc_column][\/vc_row][vc_row display_container=\u00bbtrue\u00bb el_class=\u00bbova_padding_section\u00bb][vc_column css=\u00bb.vc_custom_1554362206757{padding-top: 30px !important;}\u00bb]<div class=\"ova_heading \"><h3 class=\"title\">Nuestros Patrocinadores<\/h3><\/div>[\/vc_column][vc_column css=\u00bb.vc_custom_1508233148310{padding-top: 60px !important;}\u00bb][vc_row_inner el_class=\u00bbova_partners padding_col_mobile\u00bb][vc_column_inner width=\u00bb1\/4&#8243; offset=\u00bbvc_col-xs-6&#8243;][vc_single_image image=\u00bb5468&#8243; img_size=\u00bbfull\u00bb alignment=\u00bbcenter\u00bb onclick=\u00bbcustom_link\u00bb link=\u00bbhttps:\/\/www.parafarmic.com\u00bb][\/vc_column_inner][vc_column_inner width=\u00bb1\/4&#8243; offset=\u00bbvc_col-xs-6&#8243;][vc_single_image image=\u00bb5558&#8243; img_size=\u00bbfull\u00bb alignment=\u00bbcenter\u00bb onclick=\u00bbcustom_link\u00bb link=\u00bbhttps:\/\/www.aristoiberia.es\/\u00bb][\/vc_column_inner][vc_column_inner width=\u00bb1\/4&#8243; offset=\u00bbvc_col-xs-6&#8243;][vc_single_image image=\u00bb5465&#8243; img_size=\u00bbfull\u00bb alignment=\u00bbcenter\u00bb onclick=\u00bbcustom_link\u00bb img_link_target=\u00bb_blank\u00bb link=\u00bbhttps:\/\/www.bsnmedical.com\/bsn-medical.html\u00bb][\/vc_column_inner][vc_column_inner width=\u00bb1\/4&#8243; offset=\u00bbvc_col-xs-6&#8243;][vc_single_image image=\u00bb5466&#8243; img_size=\u00bbfull\u00bb alignment=\u00bbcenter\u00bb onclick=\u00bbcustom_link\u00bb img_link_target=\u00bb_blank\u00bb link=\u00bbhttps:\/\/www.medela.es\/\u00bb][\/vc_column_inner][\/vc_row_inner][vc_row_inner el_class=\u00bbova_partners padding_col_mobile\u00bb][vc_column_inner width=\u00bb1\/4&#8243; offset=\u00bbvc_col-xs-6&#8243;][vc_single_image image=\u00bb5464&#8243; img_size=\u00bbfull\u00bb alignment=\u00bbcenter\u00bb onclick=\u00bbcustom_link\u00bb img_link_target=\u00bb_blank\u00bb link=\u00bbhttps:\/\/www.ozoaqua.es\/\u00bb][\/vc_column_inner][vc_column_inner width=\u00bb1\/4&#8243;][\/vc_column_inner][vc_column_inner width=\u00bb1\/4&#8243;][\/vc_column_inner][vc_column_inner width=\u00bb1\/4&#8243;][\/vc_column_inner][\/vc_row_inner][\/vc_column][\/vc_row]<\/p>\n","protected":false},"excerpt":{"rendered":"<p>[vc_row full_height=\u00bbyes\u00bb video_bg=\u00bbyes\u00bb video_bg_url=\u00bbhttps:\/\/www.youtube.com\/watch?v=1UJAwE_I0lw\u00bb display_container=\u00bbtrue\u00bb ova_bg_pattern=\u00bbrgba(0,0,0,0.7)\u00bb el_id=\u00bbhome\u00bb css=\u00bb.vc_custom_1612167023821{padding-top: 60px !important;padding-bottom: 60px !important;background-image: url(https:\/\/www.centroulcerascronicas.com\/eventos\/wp-content\/uploads\/2020\/10\/piel-scaled.jpg?id=5475) !important;}\u00bb][vc_column offset=\u00bbvc_col-lg-offset-1 vc_col-lg-10 vc_col-md-offset-1 vc_col-md-10&#8243; el_class=\u00bbpadding_col_mobile\u00bb][\/vc_column][\/vc_row][vc_row display_container=\u00bbtrue\u00bb css=\u00bb.vc_custom_1554361286672{margin-top: -60px !important;margin-right: 0px !important;margin-left: 0px !important;padding-right: 0px !important;padding-left: 0px !important;}\u00bb el_class=\u00bbova_zindex\u00bb][vc_column width=\u00bb1\/2&#8243; css=\u00bb.vc_custom_1554360541286{padding-top: 0px !important;background-color: #f2f2f2 !important;}\u00bb offset=\u00bbvc_col-lg-3 vc_col-md-3&#8243;][\/vc_column][vc_column width=\u00bb1\/2&#8243; css=\u00bb.vc_custom_1554360546315{padding-top: 0px !important;background-color: #f2f2f2 !important;}\u00bb offset=\u00bbvc_col-lg-3 vc_col-md-3&#8243;][\/vc_column][vc_column width=\u00bb1\/2&#8243; css=\u00bb.vc_custom_1554360550772{padding-top: 0px !important;background-color: #f2f2f2 !important;}\u00bb offset=\u00bbvc_col-lg-3 [&hellip;]<\/p>\n","protected":false},"author":2,"featured_media":0,"parent":0,"menu_order":0,"comment_status":"closed","ping_status":"closed","template":"","meta":[],"_links":{"self":[{"href":"https:\/\/www.centroulcerascronicas.com\/eventos\/wp-json\/wp\/v2\/pages\/945"}],"collection":[{"href":"https:\/\/www.centroulcerascronicas.com\/eventos\/wp-json\/wp\/v2\/pages"}],"about":[{"href":"https:\/\/www.centroulcerascronicas.com\/eventos\/wp-json\/wp\/v2\/types\/page"}],"author":[{"embeddable":true,"href":"https:\/\/www.centroulcerascronicas.com\/eventos\/wp-json\/wp\/v2\/users\/2"}],"replies":[{"embeddable":true,"href":"https:\/\/www.centroulcerascronicas.com\/eventos\/wp-json\/wp\/v2\/comments?post=945"}],"version-history":[{"count":43,"href":"https:\/\/www.centroulcerascronicas.com\/eventos\/wp-json\/wp\/v2\/pages\/945\/revisions"}],"predecessor-version":[{"id":5574,"href":"https:\/\/www.centroulcerascronicas.com\/eventos\/wp-json\/wp\/v2\/pages\/945\/revisions\/5574"}],"wp:attachment":[{"href":"https:\/\/www.centroulcerascronicas.com\/eventos\/wp-json\/wp\/v2\/media?parent=945"}],"curies":[{"name":"wp","href":"https:\/\/api.w.org\/{rel}","templated":true}]}}